{"id":2160,"date":"2020-03-08T23:07:16","date_gmt":"2020-03-08T23:07:16","guid":{"rendered":"https:\/\/www.solinger-glasversicherung.de\/?page_id=2160"},"modified":"2020-09-22T13:04:41","modified_gmt":"2020-09-22T13:04:41","slug":"datenschutz","status":"publish","type":"page","link":"https:\/\/www.solinger-glasversicherung.de\/index.php\/datenschutz\/","title":{"rendered":"Datenschutz"},"content":{"rendered":"<p>[vc_row][vc_column][vc_column_text]<\/p>\r\n<p>Datenschutzhinweise<\/p>\r\n<p>\u00a0<\/p>\r\n<p>[\/vc_column_text][vc_column_text]<\/p>\r\n<p>Mit diesen Hinweisen informieren wir Sie \u00fcber die Verarbeitung Ihrer personenbezogenen Daten durch die Solinger Glasversicherung, Versicherungsverein auf Gegenseitigkeit und die Ihnen nach dem Datenschutzrecht zustehenden Rechte.<\/p>\r\n<p><strong>1. Verantwortlicher f\u00fcr die Datenverarbeitung:<br \/><\/strong><br \/>Solinger Glasversicherung<br \/>Versicherungsverein auf Gegenseitigkeit<br \/>Kasinostra\u00dfe 19<br \/>42651 Solingen<br \/>Telefon: 0212\/60543<br \/>Telefax: 0212\/61498<br \/>E-Mail: info(a)solinger-glasversicherung.de<\/p>\r\n<p>&nbsp;<\/p>\r\n<ol start=\"2\">\r\n<li><strong><strong> Zwecke und Rechtsgrundlagen der Datenverarbeitung<\/strong><\/strong>\u00a0<\/li>\r\n<\/ol>\r\n<p>Wir verarbeiten Ihre personenbezogenen Daten unter Beachtung der EU-Datenschutz-Grundverordnung (DSGVO), des Bundesdatenschutzgesetzes (BDSG), der datenschutzrechtlich relevanten Bestimmungen des Versicherungsvertragsgesetzes (VVG) sowie aller weiteren ma\u00dfgeblichen Gesetze. Dar\u00fcber hinaus befolgt unser Versicherungsverein die \u201eVerhaltensregeln f\u00fcr den Umgang mit personenbezogenen Daten durch die deutsche Versicherungswirtschaft\u201c, die die oben genannten Gesetze f\u00fcr die Versicherungswirtschaft pr\u00e4zisieren.<\/p>\r\n<p>&nbsp;<\/p>\r\n<p>Stellen Sie einen Antrag auf Versicherungsschutz, ben\u00f6tigen wir die von Ihnen hierbei gemachten Angaben f\u00fcr den Abschluss des Vertrages und zur Einsch\u00e4tzung des von uns zu \u00fcbernehmenden Risikos. Kommt der Versicherungsvertrag zustande, verarbeiten wir diese Daten zur Durchf\u00fchrung des Vertragsverh\u00e4ltnisses, z. B. zur Policierung oder Rechnungsstellung. Angaben zum Schaden ben\u00f6tigen wir etwa, um pr\u00fcfen zu k\u00f6nnen, ob ein Versicherungsfall eingetreten und wie hoch der Schaden ist.<\/p>\r\n<p>&nbsp;<\/p>\r\n<p><strong>Der Abschluss bzw. die Durchf\u00fchrung des Versicherungsvertrages ist ohne die Verarbeitung Ihrer personenbezogenen Daten nicht m\u00f6glich.<\/strong><\/p>\r\n<p>&nbsp;<\/p>\r\n<p>Dar\u00fcber hinaus ben\u00f6tigen wir Ihre personenbezogenen Daten zur Erstellung von versicherungsspezifischen Statistiken, z. B. f\u00fcr die Entwicklung neuer Tarife oder zur Erf\u00fcllung aufsichtsrechtlicher Vorgaben.<\/p>\r\n<p>&nbsp;<\/p>\r\n<p>Rechtsgrundlage f\u00fcr diese Verarbeitungen personenbezogener Daten f\u00fcr vorvertragliche und vertragliche Zwecke ist Art. 6 Abs. 1 b) DSGVO.<\/p>\r\n<p>Ihre Daten verarbeiten wir auch, um berechtigte Interessen von uns oder von Dritten zu wahren<br \/>(Art. 6 Abs. 1 f) DSGVO). Dies kann insbesondere erforderlich sein:<\/p>\r\n<p>&#8211; zur Gew\u00e4hrleistung der IT-Sicherheit und des IT- Betriebs<\/p>\r\n<p>&#8211; zur Werbung f\u00fcr unsere eigenen Versicherungsprodukte<\/p>\r\n<p>&#8211; zur Verhinderung und Aufkl\u00e4rung von Straftaten.<\/p>\r\n<p>&nbsp;<\/p>\r\n<p>Dar\u00fcber hinaus verarbeiten wir Ihre personenbezogenen Daten zur Erf\u00fcllung gesetzlicher Verpflichtungen wie z. B. aufsichtsrechtlicher Vorgaben, handels- und steuerrechtlicher Aufbewahrungspflichten oder unserer Beratungspflicht. Als Rechtsgrundlage f\u00fcr die Verarbeitung dienen in diesem Fall die jeweiligen gesetzlichen Regelungen i. V. m. Art. 6 Abs. 1 c) DSGVO.<\/p>\r\n<p>&nbsp;<\/p>\r\n<p>&nbsp;<\/p>\r\n<ol start=\"3\">\r\n<li>Kategorien von Empf\u00e4ngern der personenbezogenen Daten<\/li>\r\n<\/ol>\r\n<p>&nbsp;<\/p>\r\n<p><u>Vermittler:<\/u><\/p>\r\n<p>Soweit Sie hinsichtlich Ihrer Versicherungsvertr\u00e4ge von einem Vermittler betreut werden, verarbeitet Ihr Vermittler die zum Abschluss und zur Durchf\u00fchrung des Vertrages ben\u00f6tigten Antrags-, Vertrags- und Schadendaten. Auch \u00fcbermittelt unser Versicherungsverein diese Daten an die Sie betreuenden Vermittler, soweit diese die Informationen zu Ihrer Betreuung und Beratung in Ihren Versicherungs- und Finanzdienstleistungsangelegenheiten ben\u00f6tigen.<\/p>\r\n<p><u>\u00a0<\/u><\/p>\r\n<p><u>Externe Dienstleister:<\/u><\/p>\r\n<p>Wir bedienen uns zur Erf\u00fcllung unserer vertraglichen und gesetzlichen Pflichten zum Teil externer Dienstleister, die diese hier genannten Datenschutzhinweise ebenfalls ber\u00fccksichtigen.<\/p>\r\n<p>&nbsp;<\/p>\r\n<p><u>Weitere Empf\u00e4nger:<\/u><\/p>\r\n<p>Dar\u00fcber hinaus k\u00f6nnen wir Ihre personenbezogenen Daten an weitere Empf\u00e4nger \u00fcbermitteln, wie etwa an Beh\u00f6rden zur Erf\u00fcllung gesetzlicher Mitteilungspflichten (z. B. Finanzbeh\u00f6rden oder Strafverfolgungsbeh\u00f6rden).<\/p>\r\n<p><strong>\u00a0<\/strong><\/p>\r\n<ol start=\"4\">\r\n<li><strong><strong> Dauer der Datenspeicherung<\/strong><\/strong>\u00a0<\/li>\r\n<\/ol>\r\n<p>Wir l\u00f6schen Ihre personenbezogenen Daten sobald sie f\u00fcr die oben genannten Zwecke nicht mehr erforderlich sind. Dabei kann es vorkommen, dass personenbezogene Daten f\u00fcr die Zeit aufbewahrt werden, in der Anspr\u00fcche gegen unseren Versicherungsverein geltend gemacht werden k\u00f6nnen (gesetzliche Verj\u00e4hrungsfrist). Zudem speichern wir Ihre personenbezogenen Daten, soweit wir dazu gesetzlich verpflichtet sind. Entsprechende Nachweis- und Aufbewahrungspflichten ergeben sich unter anderem aus dem Handelsgesetzbuch, der Abgabenordnung und dem Geldw\u00e4schegesetz. Die Speicherfristen betragen danach bis zu zehn Jahren.<\/p>\r\n<ol start=\"5\">\r\n<li><strong><strong> Betroffenenrechte<\/strong><\/strong>\u00a0<\/li>\r\n<\/ol>\r\n<p>Sie k\u00f6nnen unter der o. g. Adresse Auskunft \u00fcber die zu Ihrer Person gespeicherten Daten verlangen. Dar\u00fcber hinaus k\u00f6nnen Sie unter bestimmten Voraussetzungen die Berichtigung oder die L\u00f6schung Ihrer Daten verlangen. Ihnen kann weiterhin ein Recht auf Einschr\u00e4nkung der Verarbeitung Ihrer Daten sowie ein Recht auf Herausgabe der von Ihnen bereitgestellten Daten in einem strukturierten, g\u00e4ngigen und maschinenlesbaren Format zustehen.<\/p>\r\n<p>&nbsp;<\/p>\r\n<table width=\"100%\">\r\n<tbody>\r\n<tr>\r\n<td>\r\n<p><strong>Widerspruchsrecht<\/strong><\/p>\r\n<p>Sie haben das Recht, einer Verarbeitung Ihrer personenbezogenen Daten zu Zwecken der Direktwerbung zu widersprechen.<\/p>\r\n<p>&nbsp;<\/p>\r\n<p><strong>Verarbeiten wir Ihre Daten zur Wahrung berechtigter Interessen, k\u00f6nnen Sie dieser Verarbeitung widersprechen, wenn sich aus Ihrer besonderen Situation Gr\u00fcnde ergeben, die gegen die Datenverarbeitung sprechen.<\/strong><\/p>\r\n<\/td>\r\n<\/tr>\r\n<\/tbody>\r\n<\/table>\r\n<p>&nbsp;<\/p>\r\n<p>Sie k\u00f6nnen sich \u00fcber unseren Vorstand Informationen zu unseren externen Dienstleistern einholen.<\/p>\r\n<p><strong>\u00a0<\/strong><\/p>\r\n<ol start=\"6\">\r\n<li><strong><strong> Beschwerderecht<\/strong><\/strong>\u00a0<\/li>\r\n<\/ol>\r\n<p>Sie haben die M\u00f6glichkeit, sich mit einer Beschwerde an den Vorstand oder an eine Datenschutzaufsichtsbeh\u00f6rde zu wenden. Die f\u00fcr uns zust\u00e4ndige Datenschutzaufsichtsbeh\u00f6rde ist:<\/p>\r\n<p>&nbsp;<\/p>\r\n<p>Landesbeauftragte f\u00fcr Datenschutz und Informationsfreiheit<br \/>Nordrhein-Westfalen<br \/>Kavalleriestr. 2 &#8211; 4<br \/>40213 D\u00fcsseldorf<\/p>\r\n<ol start=\"7\">\r\n<li><strong><strong> Datenaustausch mit Ihrem fr\u00fcheren Versicherer<\/strong><\/strong>\u00a0<\/li>\r\n<\/ol>\r\n<p>Um Ihre Angaben bei Abschluss des Versicherungsvertrages bzw. Ihre Angaben bei Eintritt des Versicherungsfalls \u00fcberpr\u00fcfen und bei Bedarf erg\u00e4nzen zu k\u00f6nnen, kann im daf\u00fcr erforderlichen Umfang ein Austausch von personenbezogenen Daten mit dem von Ihnen im Antrag benannten fr\u00fcheren Versicherer erfolgen.<\/p>\r\n<p>&nbsp;<\/p>\r\n<p>&nbsp;<\/p>\r\n<p>SOLINGER GLASVERSICHERUNG<br \/>Versicherungsverein auf Gegenseitigkeit, vertreten durch den Vorstand,<br \/>dieser vertreten durch das gesch\u00e4ftsf\u00fchrende Vorstandsmitglied Andreas Gabriel<\/p>\r\n<p>&nbsp;<\/p>\r\n<p>gez. Andreas Gabriel<\/p>\r\n<p>[\/vc_column_text][\/vc_column][\/vc_row]<\/p>","protected":false},"excerpt":{"rendered":"<p>[vc_row][vc_column][vc_column_text] Datenschutzhinweise \u00a0 [\/vc_column_text][vc_column_text] Mit diesen Hinweisen informieren wir Sie \u00fcber die Verarbeitung Ihrer personenbezogenen Daten durch die Solinger Glasversicherung, Versicherungsverein auf Gegenseitigkeit und die Ihnen nach dem Datenschutzrecht zustehenden Rechte. 1. Verantwortlicher f\u00fcr die Datenverarbeitung:Solinger GlasversicherungVersicherungsverein auf GegenseitigkeitKasinostra\u00dfe 1942651 SolingenTelefon: 0212\/60543Telefax: 0212\/61498E-Mail: info(a)solinger-glasversicherung.de &nbsp; Zwecke und Rechtsgrundlagen der Datenverarbeitung\u00a0 Wir verarbeiten Ihre personenbezogenen Daten&hellip;<\/p>\n","protected":false},"author":1,"featured_media":0,"parent":0,"menu_order":0,"comment_status":"closed","ping_status":"closed","template":"","meta":[],"yoast_head":"<!-- This site is optimized with the Yoast SEO plugin v17.6 - https:\/\/yoast.com\/wordpress\/plugins\/seo\/ -->\n<title>Datenschutz - Solinger Glasversicherung V.a.G.<\/title>\n<meta name=\"robots\" content=\"index, follow, max-snippet:-1, max-image-preview:large, max-video-preview:-1\" \/>\n<link rel=\"canonical\" href=\"https:\/\/www.solinger-glasversicherung.de\/index.php\/datenschutz\/\" \/>\n<meta property=\"og:locale\" content=\"de_DE\" \/>\n<meta property=\"og:type\" content=\"article\" \/>\n<meta property=\"og:title\" content=\"Datenschutz - Solinger Glasversicherung V.a.G.\" \/>\n<meta property=\"og:description\" content=\"[vc_row][vc_column][vc_column_text] Datenschutzhinweise \u00a0 [\/vc_column_text][vc_column_text] Mit diesen Hinweisen informieren wir Sie \u00fcber die Verarbeitung Ihrer personenbezogenen Daten durch die Solinger Glasversicherung, Versicherungsverein auf Gegenseitigkeit und die Ihnen nach dem Datenschutzrecht zustehenden Rechte. 1. Verantwortlicher f\u00fcr die Datenverarbeitung:Solinger GlasversicherungVersicherungsverein auf GegenseitigkeitKasinostra\u00dfe 1942651 SolingenTelefon: 0212\/60543Telefax: 0212\/61498E-Mail: info(a)solinger-glasversicherung.de &nbsp; Zwecke und Rechtsgrundlagen der Datenverarbeitung\u00a0 Wir verarbeiten Ihre personenbezogenen Daten&hellip;\" \/>\n<meta property=\"og:url\" content=\"https:\/\/www.solinger-glasversicherung.de\/index.php\/datenschutz\/\" \/>\n<meta property=\"og:site_name\" content=\"Solinger Glasversicherung V.a.G.\" \/>\n<meta property=\"article:modified_time\" content=\"2020-09-22T13:04:41+00:00\" \/>\n<meta name=\"twitter:card\" content=\"summary_large_image\" \/>\n<meta name=\"twitter:label1\" content=\"Gesch\u00e4tzte Lesezeit\" \/>\n\t<meta name=\"twitter:data1\" content=\"4\u00a0Minuten\" \/>\n<script type=\"application\/ld+json\" class=\"yoast-schema-graph\">{\"@context\":\"https:\/\/schema.org\",\"@graph\":[{\"@type\":\"WebSite\",\"@id\":\"https:\/\/www.solinger-glasversicherung.de\/#website\",\"url\":\"https:\/\/www.solinger-glasversicherung.de\/\",\"name\":\"Solinger Glasversicherung V.a.G.\",\"description\":\"Versicherungsverein auf Gegenseitigkeit\",\"potentialAction\":[{\"@type\":\"SearchAction\",\"target\":{\"@type\":\"EntryPoint\",\"urlTemplate\":\"https:\/\/www.solinger-glasversicherung.de\/?s={search_term_string}\"},\"query-input\":\"required name=search_term_string\"}],\"inLanguage\":\"de\"},{\"@type\":\"WebPage\",\"@id\":\"https:\/\/www.solinger-glasversicherung.de\/index.php\/datenschutz\/#webpage\",\"url\":\"https:\/\/www.solinger-glasversicherung.de\/index.php\/datenschutz\/\",\"name\":\"Datenschutz - Solinger Glasversicherung V.a.G.\",\"isPartOf\":{\"@id\":\"https:\/\/www.solinger-glasversicherung.de\/#website\"},\"datePublished\":\"2020-03-08T23:07:16+00:00\",\"dateModified\":\"2020-09-22T13:04:41+00:00\",\"breadcrumb\":{\"@id\":\"https:\/\/www.solinger-glasversicherung.de\/index.php\/datenschutz\/#breadcrumb\"},\"inLanguage\":\"de\",\"potentialAction\":[{\"@type\":\"ReadAction\",\"target\":[\"https:\/\/www.solinger-glasversicherung.de\/index.php\/datenschutz\/\"]}]},{\"@type\":\"BreadcrumbList\",\"@id\":\"https:\/\/www.solinger-glasversicherung.de\/index.php\/datenschutz\/#breadcrumb\",\"itemListElement\":[{\"@type\":\"ListItem\",\"position\":1,\"name\":\"Home\",\"item\":\"https:\/\/www.solinger-glasversicherung.de\/\"},{\"@type\":\"ListItem\",\"position\":2,\"name\":\"Datenschutz\"}]}]}<\/script>\n<!-- \/ Yoast SEO plugin. -->","yoast_head_json":{"title":"Datenschutz - Solinger Glasversicherung V.a.G.","robots":{"index":"index","follow":"follow","max-snippet":"max-snippet:-1","max-image-preview":"max-image-preview:large","max-video-preview":"max-video-preview:-1"},"canonical":"https:\/\/www.solinger-glasversicherung.de\/index.php\/datenschutz\/","og_locale":"de_DE","og_type":"article","og_title":"Datenschutz - Solinger Glasversicherung V.a.G.","og_description":"[vc_row][vc_column][vc_column_text] Datenschutzhinweise \u00a0 [\/vc_column_text][vc_column_text] Mit diesen Hinweisen informieren wir Sie \u00fcber die Verarbeitung Ihrer personenbezogenen Daten durch die Solinger Glasversicherung, Versicherungsverein auf Gegenseitigkeit und die Ihnen nach dem Datenschutzrecht zustehenden Rechte. 1. Verantwortlicher f\u00fcr die Datenverarbeitung:Solinger GlasversicherungVersicherungsverein auf GegenseitigkeitKasinostra\u00dfe 1942651 SolingenTelefon: 0212\/60543Telefax: 0212\/61498E-Mail: info(a)solinger-glasversicherung.de &nbsp; Zwecke und Rechtsgrundlagen der Datenverarbeitung\u00a0 Wir verarbeiten Ihre personenbezogenen Daten&hellip;","og_url":"https:\/\/www.solinger-glasversicherung.de\/index.php\/datenschutz\/","og_site_name":"Solinger Glasversicherung V.a.G.","article_modified_time":"2020-09-22T13:04:41+00:00","twitter_card":"summary_large_image","twitter_misc":{"Gesch\u00e4tzte Lesezeit":"4\u00a0Minuten"},"schema":{"@context":"https:\/\/schema.org","@graph":[{"@type":"WebSite","@id":"https:\/\/www.solinger-glasversicherung.de\/#website","url":"https:\/\/www.solinger-glasversicherung.de\/","name":"Solinger Glasversicherung V.a.G.","description":"Versicherungsverein auf Gegenseitigkeit","potentialAction":[{"@type":"SearchAction","target":{"@type":"EntryPoint","urlTemplate":"https:\/\/www.solinger-glasversicherung.de\/?s={search_term_string}"},"query-input":"required name=search_term_string"}],"inLanguage":"de"},{"@type":"WebPage","@id":"https:\/\/www.solinger-glasversicherung.de\/index.php\/datenschutz\/#webpage","url":"https:\/\/www.solinger-glasversicherung.de\/index.php\/datenschutz\/","name":"Datenschutz - Solinger Glasversicherung V.a.G.","isPartOf":{"@id":"https:\/\/www.solinger-glasversicherung.de\/#website"},"datePublished":"2020-03-08T23:07:16+00:00","dateModified":"2020-09-22T13:04:41+00:00","breadcrumb":{"@id":"https:\/\/www.solinger-glasversicherung.de\/index.php\/datenschutz\/#breadcrumb"},"inLanguage":"de","potentialAction":[{"@type":"ReadAction","target":["https:\/\/www.solinger-glasversicherung.de\/index.php\/datenschutz\/"]}]},{"@type":"BreadcrumbList","@id":"https:\/\/www.solinger-glasversicherung.de\/index.php\/datenschutz\/#breadcrumb","itemListElement":[{"@type":"ListItem","position":1,"name":"Home","item":"https:\/\/www.solinger-glasversicherung.de\/"},{"@type":"ListItem","position":2,"name":"Datenschutz"}]}]}},"_links":{"self":[{"href":"https:\/\/www.solinger-glasversicherung.de\/index.php\/wp-json\/wp\/v2\/pages\/2160"}],"collection":[{"href":"https:\/\/www.solinger-glasversicherung.de\/index.php\/wp-json\/wp\/v2\/pages"}],"about":[{"href":"https:\/\/www.solinger-glasversicherung.de\/index.php\/wp-json\/wp\/v2\/types\/page"}],"author":[{"embeddable":true,"href":"https:\/\/www.solinger-glasversicherung.de\/index.php\/wp-json\/wp\/v2\/users\/1"}],"replies":[{"embeddable":true,"href":"https:\/\/www.solinger-glasversicherung.de\/index.php\/wp-json\/wp\/v2\/comments?post=2160"}],"version-history":[{"count":7,"href":"https:\/\/www.solinger-glasversicherung.de\/index.php\/wp-json\/wp\/v2\/pages\/2160\/revisions"}],"predecessor-version":[{"id":2218,"href":"https:\/\/www.solinger-glasversicherung.de\/index.php\/wp-json\/wp\/v2\/pages\/2160\/revisions\/2218"}],"wp:attachment":[{"href":"https:\/\/www.solinger-glasversicherung.de\/index.php\/wp-json\/wp\/v2\/media?parent=2160"}],"curies":[{"name":"wp","href":"https:\/\/api.w.org\/{rel}","templated":true}]}}